{"id":820,"date":"2023-04-21T14:34:43","date_gmt":"2023-04-21T14:34:43","guid":{"rendered":"https:\/\/guedelon.fr\/sejours-pour-enfants\/"},"modified":"2023-05-24T12:32:00","modified_gmt":"2023-05-24T12:32:00","slug":"sejours-pour-enfants","status":"publish","type":"page","link":"https:\/\/www.guedelon.fr\/en\/sejours-pour-enfants\/","title":{"rendered":"S\u00e9jours pour enfants"},"content":{"rendered":"<smartfire-component name='page-header' attributes=\"{&quot;imageDesktop&quot;:{&quot;id&quot;:638,&quot;title&quot;:&quot;e2087309-f8e2-4bb4-ac39-e20f9556639c&quot;,&quot;filename&quot;:&quot;e2087309-f8e2-4bb4-ac39-e20f9556639c.png&quot;,&quot;url&quot;:&quot;https:\\\/\\\/guedelon.fr\\\/wp-content\\\/uploads\\\/2023\\\/04\\\/e2087309-f8e2-4bb4-ac39-e20f9556639c.png&quot;,&quot;link&quot;:&quot;https:\\\/\\\/guedelon.fr\\\/en\\\/e2087309-f8e2-4bb4-ac39-e20f9556639c-2\\\/&quot;,&quot;alt&quot;:&quot;&quot;,&quot;author&quot;:&quot;5&quot;,&quot;description&quot;:&quot;&quot;,&quot;caption&quot;:&quot;&quot;,&quot;name&quot;:&quot;e2087309-f8e2-4bb4-ac39-e20f9556639c-2&quot;,&quot;status&quot;:&quot;inherit&quot;,&quot;uploadedTo&quot;:0,&quot;date&quot;:&quot;2023-04-21T12:38:50.000Z&quot;,&quot;modified&quot;:&quot;2023-04-21T12:38:50.000Z&quot;,&quot;menuOrder&quot;:0,&quot;mime&quot;:&quot;image\\\/png&quot;,&quot;type&quot;:&quot;image&quot;,&quot;subtype&quot;:&quot;png&quot;,&quot;icon&quot;:&quot;https:\\\/\\\/guedelon.fr\\\/wp-includes\\\/images\\\/media\\\/default.png&quot;,&quot;dateFormatted&quot;:&quot;21 avril 2023&quot;,&quot;nonces&quot;:{&quot;update&quot;:&quot;4e835e395f&quot;,&quot;delete&quot;:&quot;670de2a283&quot;,&quot;edit&quot;:&quot;3f711153b4&quot;},&quot;editLink&quot;:&quot;https:\\\/\\\/guedelon.fr\\\/wp-admin\\\/post.php?post=638&amp;action=edit&amp;lang=en&quot;,&quot;meta&quot;:false,&quot;authorName&quot;:&quot;Mattis Beautheac&quot;,&quot;authorLink&quot;:&quot;https:\\\/\\\/guedelon.fr\\\/wp-admin\\\/profile.php&quot;,&quot;filesizeInBytes&quot;:1078046,&quot;filesizeHumanReadable&quot;:&quot;1 Mo&quot;,&quot;context&quot;:&quot;&quot;,&quot;height&quot;:360,&quot;width&quot;:1366,&quot;orientation&quot;:&quot;landscape&quot;,&quot;sizes&quot;:{&quot;full&quot;:{&quot;url&quot;:&quot;https:\\\/\\\/guedelon.fr\\\/wp-content\\\/uploads\\\/2023\\\/04\\\/e2087309-f8e2-4bb4-ac39-e20f9556639c.png&quot;,&quot;height&quot;:360,&quot;width&quot;:1366,&quot;orientation&quot;:&quot;landscape&quot;}},&quot;compat&quot;:{&quot;item&quot;:&quot;&quot;,&quot;meta&quot;:&quot;&quot;},&quot;acf_errors&quot;:false},&quot;imageMobile&quot;:{&quot;id&quot;:637,&quot;title&quot;:&quot;0ca8ceb9-eed6-4321-8e8f-522eff5e1e27&quot;,&quot;filename&quot;:&quot;0ca8ceb9-eed6-4321-8e8f-522eff5e1e27.jpg&quot;,&quot;url&quot;:&quot;https:\\\/\\\/guedelon.fr\\\/wp-content\\\/uploads\\\/2023\\\/04\\\/0ca8ceb9-eed6-4321-8e8f-522eff5e1e27.jpg&quot;,&quot;link&quot;:&quot;https:\\\/\\\/guedelon.fr\\\/en\\\/0ca8ceb9-eed6-4321-8e8f-522eff5e1e27-2\\\/&quot;,&quot;alt&quot;:&quot;&quot;,&quot;author&quot;:&quot;5&quot;,&quot;description&quot;:&quot;&quot;,&quot;caption&quot;:&quot;&quot;,&quot;name&quot;:&quot;0ca8ceb9-eed6-4321-8e8f-522eff5e1e27-2&quot;,&quot;status&quot;:&quot;inherit&quot;,&quot;uploadedTo&quot;:0,&quot;date&quot;:&quot;2023-04-21T12:37:49.000Z&quot;,&quot;modified&quot;:&quot;2023-04-21T12:37:49.000Z&quot;,&quot;menuOrder&quot;:0,&quot;mime&quot;:&quot;image\\\/jpeg&quot;,&quot;type&quot;:&quot;image&quot;,&quot;subtype&quot;:&quot;jpeg&quot;,&quot;icon&quot;:&quot;https:\\\/\\\/guedelon.fr\\\/wp-includes\\\/images\\\/media\\\/default.png&quot;,&quot;dateFormatted&quot;:&quot;21 avril 2023&quot;,&quot;nonces&quot;:{&quot;update&quot;:&quot;1f8acbe6c7&quot;,&quot;delete&quot;:&quot;cd88bdf296&quot;,&quot;edit&quot;:&quot;22098a04fc&quot;},&quot;editLink&quot;:&quot;https:\\\/\\\/guedelon.fr\\\/wp-admin\\\/post.php?post=637&amp;action=edit&amp;lang=en&quot;,&quot;meta&quot;:false,&quot;authorName&quot;:&quot;Mattis Beautheac&quot;,&quot;authorLink&quot;:&quot;https:\\\/\\\/guedelon.fr\\\/wp-admin\\\/profile.php&quot;,&quot;filesizeInBytes&quot;:1317778,&quot;filesizeHumanReadable&quot;:&quot;1 Mo&quot;,&quot;context&quot;:&quot;&quot;,&quot;height&quot;:1068,&quot;width&quot;:1600,&quot;orientation&quot;:&quot;landscape&quot;,&quot;sizes&quot;:{&quot;full&quot;:{&quot;url&quot;:&quot;https:\\\/\\\/guedelon.fr\\\/wp-content\\\/uploads\\\/2023\\\/04\\\/0ca8ceb9-eed6-4321-8e8f-522eff5e1e27.jpg&quot;,&quot;height&quot;:1068,&quot;width&quot;:1600,&quot;orientation&quot;:&quot;landscape&quot;}},&quot;compat&quot;:{&quot;item&quot;:&quot;&quot;,&quot;meta&quot;:&quot;&quot;},&quot;acf_errors&quot;:false},&quot;title1&quot;:&quot;s\\u00e9jours m\\u00e9di\\u00e9vaux pour enfants&quot;,&quot;title2&quot;:&quot;un voyage au Moyen-\\u00c2ge !&quot;,&quot;text&quot;:&quot;Gu\\u00e9delon est partenaire de structures agr\\u00e9\\u00e9es qui proposent aux enfants, en groupes ou \\u00e0 titre individuel, des s\\u00e9jours enrichissants sur le th\\u00e8me du Moyen \\u00c2ge.&quot;,&quot;className&quot;:&quot;wp-block-smartfire-page-header&quot;,&quot;buttonText&quot;:&quot;&quot;,&quot;buttonLink&quot;:&quot;&quot;,&quot;titleIcon&quot;:{},&quot;file&quot;:{},&quot;external&quot;:false,&quot;type&quot;:false}\"><\/smartfire-component>\n\n\n<div style=\"height:60px\" aria-hidden=\"true\" class=\"wp-block-spacer\"><\/div>\n\n\n<smartfire-component name='sticky-bar'>\n    \n<smartfire-component name='sticky-bar---item' attributes=\"{&quot;text&quot;:&quot;Pour les \\u00e9coles et coll\\u00e8ges&quot;,&quot;subtitle&quot;:&quot;&quot;,&quot;link&quot;:&quot;#ecole&quot;}\"><\/smartfire-component>\n\n<smartfire-component name='sticky-bar---item' attributes=\"{&quot;text&quot;:&quot;Pour les enfants \\u00e0 titre individuel&quot;,&quot;subtitle&quot;:&quot;&quot;,&quot;link&quot;:&quot;#individuel&quot;}\"><\/smartfire-component>\n\n<\/smartfire-component>\n\n<smartfire-component name='sticky-bar' attributes=\"{&quot;className&quot;:&quot;wp-block-smartfire-sticky-bar&quot;}\"><\/smartfire-component>\n\n\n<div style=\"height:60px\" aria-hidden=\"true\" class=\"wp-block-spacer\"><\/div>\n\n\n<smartfire-component name='subtitle' attributes=\"{&quot;title&quot;:&quot;Pour les \\u00e9coles et coll\\u00e8ges&quot;,&quot;text&quot;:&quot;Nos partenaires vous proposent des classes m\\u00e9di\\u00e9vales de 3 ou 5 jours en incluant la visite de Gu\\u00e9delon.&quot;,&quot;anchorName&quot;:&quot;ecole&quot;,&quot;className&quot;:&quot;wp-block-smartfire-subtitle&quot;}\"><\/smartfire-component>\n\n<smartfire-component name='promo-tarif' attributes=\"{&quot;title&quot;:&quot;Le Domaine de l&#039;Esp\\u00e9rance&quot;,&quot;text&quot;:&quot;&lt;strong&gt;3 \\u00e0 5 jours&lt;\\\/strong&gt;&lt;br&gt;&lt;br&gt;A la limite de la Ni\\u00e8vre et de l&#039;Yonne, le Domaine de l&#039;Esp\\u00e9rance est implant\\u00e9 sur une propri\\u00e9t\\u00e9 de 70 hectares, en pleine campagne, loin de tout axe routier : c&#039;est un v\\u00e9ritable paradis pour les enfants pour passer un s\\u00e9jour en toute s\\u00e9curit\\u00e9 ! \\u00a0&lt;br&gt;&lt;br&gt;&lt;strong&gt;Domaine de l\\u2019Esp\\u00e9rance :&lt;\\\/strong&gt;\\u00a0\\u00a0&lt;br&gt;58310 Dampierre-sous-Bouhy &lt;br&gt;t\\u00e9l : 03 86 26 47 35&lt;br&gt;contact@poney-club.com\\u00a0&quot;,&quot;buttonText&quot;:&quot;en savoir plus&quot;,&quot;buttonLink&quot;:&quot;https:\\\/\\\/www.poney-club.com\\\/destination-guedelon\\\/&quot;,&quot;image&quot;:{&quot;id&quot;:660,&quot;title&quot;:&quot;guedelon-sejours-enfants&quot;,&quot;filename&quot;:&quot;guedelon-sejours-enfants.jpg&quot;,&quot;url&quot;:&quot;https:\\\/\\\/guedelon.fr\\\/wp-content\\\/uploads\\\/2023\\\/04\\\/guedelon-sejours-enfants.jpg&quot;,&quot;link&quot;:&quot;https:\\\/\\\/guedelon.fr\\\/en\\\/guedelon-sejours-enfants-2\\\/&quot;,&quot;alt&quot;:&quot;&quot;,&quot;author&quot;:&quot;5&quot;,&quot;description&quot;:&quot;&quot;,&quot;caption&quot;:&quot;&quot;,&quot;name&quot;:&quot;guedelon-sejours-enfants-2&quot;,&quot;status&quot;:&quot;inherit&quot;,&quot;uploadedTo&quot;:0,&quot;date&quot;:&quot;2023-04-21T14:31:06.000Z&quot;,&quot;modified&quot;:&quot;2023-04-21T14:31:06.000Z&quot;,&quot;menuOrder&quot;:0,&quot;mime&quot;:&quot;image\\\/jpeg&quot;,&quot;type&quot;:&quot;image&quot;,&quot;subtype&quot;:&quot;jpeg&quot;,&quot;icon&quot;:&quot;https:\\\/\\\/guedelon.fr\\\/wp-includes\\\/images\\\/media\\\/default.png&quot;,&quot;dateFormatted&quot;:&quot;21 avril 2023&quot;,&quot;nonces&quot;:{&quot;update&quot;:&quot;5bcdea0d7b&quot;,&quot;delete&quot;:&quot;32db6c0a1f&quot;,&quot;edit&quot;:&quot;ac08cd4aee&quot;},&quot;editLink&quot;:&quot;https:\\\/\\\/guedelon.fr\\\/wp-admin\\\/post.php?post=660&amp;action=edit&amp;lang=en&quot;,&quot;meta&quot;:false,&quot;authorName&quot;:&quot;Mattis Beautheac&quot;,&quot;authorLink&quot;:&quot;https:\\\/\\\/guedelon.fr\\\/wp-admin\\\/profile.php&quot;,&quot;filesizeInBytes&quot;:161609,&quot;filesizeHumanReadable&quot;:&quot;158 Ko&quot;,&quot;context&quot;:&quot;&quot;,&quot;height&quot;:1181,&quot;width&quot;:1772,&quot;orientation&quot;:&quot;landscape&quot;,&quot;sizes&quot;:{&quot;full&quot;:{&quot;url&quot;:&quot;https:\\\/\\\/guedelon.fr\\\/wp-content\\\/uploads\\\/2023\\\/04\\\/guedelon-sejours-enfants.jpg&quot;,&quot;height&quot;:1181,&quot;width&quot;:1772,&quot;orientation&quot;:&quot;landscape&quot;}},&quot;compat&quot;:{&quot;item&quot;:&quot;&quot;,&quot;meta&quot;:&quot;&quot;},&quot;acf_errors&quot;:false},&quot;className&quot;:&quot;wp-block-smartfire-promo-tarif&quot;,&quot;external&quot;:true,&quot;type&quot;:false,&quot;anchorName&quot;:&quot;&quot;}\"><\/smartfire-component>\n\n<smartfire-component name='promo-tarif' attributes=\"{&quot;title&quot;:&quot;&lt;strong&gt;Le Gu\\u00e9 de frise&lt;\\\/strong&gt;&quot;,&quot;text&quot;:&quot;&lt;strong&gt;3 \\u00e0 5 jours&lt;\\\/strong&gt;&lt;br&gt;&lt;br&gt;Au c\\u0153ur de la Puisaye nivernaise, le centre vous accueille au milieu de 55 hectares de pr\\u00e9s et de bois. Sa situation, ses infrastructures nombreuses et compl\\u00e8tes, son encadrement technique de qualit\\u00e9 vous assurent de passer des s\\u00e9jours agr\\u00e9ables dans le respect des normes de s\\u00e9curit\\u00e9.&lt;br&gt;&lt;br&gt;&lt;strong&gt;Le Gu\\u00e9 de Frise :&lt;\\\/strong&gt;\\u00a0\\u00a0&lt;br&gt;58310 Arquian &lt;br&gt;t\\u00e9l : 03 86 39 60 69&lt;br&gt;contact@guedefrise.com&quot;,&quot;buttonText&quot;:&quot;en savoir plus&quot;,&quot;buttonLink&quot;:&quot;http:\\\/\\\/www.guedefrise.com&quot;,&quot;image&quot;:{&quot;id&quot;:661,&quot;title&quot;:&quot;f841b237-2309-4ced-a951-e6c913202686&quot;,&quot;filename&quot;:&quot;f841b237-2309-4ced-a951-e6c913202686.jpg&quot;,&quot;url&quot;:&quot;https:\\\/\\\/guedelon.fr\\\/wp-content\\\/uploads\\\/2023\\\/04\\\/f841b237-2309-4ced-a951-e6c913202686.jpg&quot;,&quot;link&quot;:&quot;https:\\\/\\\/guedelon.fr\\\/en\\\/f841b237-2309-4ced-a951-e6c913202686-2\\\/&quot;,&quot;alt&quot;:&quot;&quot;,&quot;author&quot;:&quot;5&quot;,&quot;description&quot;:&quot;&quot;,&quot;caption&quot;:&quot;&quot;,&quot;name&quot;:&quot;f841b237-2309-4ced-a951-e6c913202686-2&quot;,&quot;status&quot;:&quot;inherit&quot;,&quot;uploadedTo&quot;:0,&quot;date&quot;:&quot;2023-04-21T14:32:35.000Z&quot;,&quot;modified&quot;:&quot;2023-04-21T14:32:35.000Z&quot;,&quot;menuOrder&quot;:0,&quot;mime&quot;:&quot;image\\\/jpeg&quot;,&quot;type&quot;:&quot;image&quot;,&quot;subtype&quot;:&quot;jpeg&quot;,&quot;icon&quot;:&quot;https:\\\/\\\/guedelon.fr\\\/wp-includes\\\/images\\\/media\\\/default.png&quot;,&quot;dateFormatted&quot;:&quot;21 avril 2023&quot;,&quot;nonces&quot;:{&quot;update&quot;:&quot;5fa89b0e5f&quot;,&quot;delete&quot;:&quot;6f9997b292&quot;,&quot;edit&quot;:&quot;053d29b91c&quot;},&quot;editLink&quot;:&quot;https:\\\/\\\/guedelon.fr\\\/wp-admin\\\/post.php?post=661&amp;action=edit&amp;lang=en&quot;,&quot;meta&quot;:false,&quot;authorName&quot;:&quot;Mattis Beautheac&quot;,&quot;authorLink&quot;:&quot;https:\\\/\\\/guedelon.fr\\\/wp-admin\\\/profile.php&quot;,&quot;filesizeInBytes&quot;:519954,&quot;filesizeHumanReadable&quot;:&quot;508 Ko&quot;,&quot;context&quot;:&quot;&quot;,&quot;height&quot;:1500,&quot;width&quot;:2000,&quot;orientation&quot;:&quot;landscape&quot;,&quot;sizes&quot;:{&quot;full&quot;:{&quot;url&quot;:&quot;https:\\\/\\\/guedelon.fr\\\/wp-content\\\/uploads\\\/2023\\\/04\\\/f841b237-2309-4ced-a951-e6c913202686.jpg&quot;,&quot;height&quot;:1500,&quot;width&quot;:2000,&quot;orientation&quot;:&quot;landscape&quot;}},&quot;compat&quot;:{&quot;item&quot;:&quot;&quot;,&quot;meta&quot;:&quot;&quot;},&quot;acf_errors&quot;:false},&quot;className&quot;:&quot;wp-block-smartfire-promo-tarif&quot;,&quot;external&quot;:true,&quot;type&quot;:false,&quot;anchorName&quot;:&quot;&quot;}\"><\/smartfire-component>\n\n<smartfire-component name='promo-tarif' attributes=\"{&quot;title&quot;:&quot;&lt;strong&gt;Le ch\\u00e2teau de Saint-Fargeau&lt;\\\/strong&gt;&quot;,&quot;text&quot;:&quot;&lt;strong&gt;A la nuit\\u00e9e&lt;\\\/strong&gt;&lt;br&gt;&lt;br&gt;Situ\\u00e9 au c\\u0153ur du village, le ch\\u00e2teau vous propose une solution d&#039;h\\u00e9bergement pour 1 ou 2 nuits, en demi-pension ou pension compl\\u00e8te.\\u00a0L&#039;h\\u00e9bergement peut accueillir de 20 \\u00e0 60\\u00a0enfants. Chambres de 4 \\u00e0 6 lits avec sanitaires.\\u00a0&lt;br&gt;&lt;br&gt;&lt;strong&gt;Le Ch\\u00e2teau de Saint-Fargeau :&lt;\\\/strong&gt;\\u00a0&lt;br&gt;Ferme du ch\\u00e2teau 89170 Saint-Fargeau&lt;br&gt;t\\u00e9l : 06 74 57 07 68&lt;br&gt;contact@ferme-du-chateau.com\\u00a0&quot;,&quot;buttonText&quot;:&quot;en savoir plus&quot;,&quot;buttonLink&quot;:&quot;https:\\\/\\\/www.ferme-du-chateau.com\\\/hebergements\\\/hebergement-scolaire-au-chateau-de-saint-fargeau\\\/&quot;,&quot;image&quot;:{&quot;id&quot;:601,&quot;title&quot;:&quot;chateau-saint-fargeau&quot;,&quot;filename&quot;:&quot;chateau-saint-fargeau-1.jpg&quot;,&quot;url&quot;:&quot;https:\\\/\\\/guedelon.fr\\\/wp-content\\\/uploads\\\/2023\\\/04\\\/chateau-saint-fargeau-1.jpg&quot;,&quot;link&quot;:&quot;https:\\\/\\\/guedelon.fr\\\/en\\\/chateau-saint-fargeau-2-2\\\/&quot;,&quot;alt&quot;:&quot;&quot;,&quot;author&quot;:&quot;5&quot;,&quot;description&quot;:&quot;&quot;,&quot;caption&quot;:&quot;&quot;,&quot;name&quot;:&quot;chateau-saint-fargeau-2-2&quot;,&quot;status&quot;:&quot;inherit&quot;,&quot;uploadedTo&quot;:0,&quot;date&quot;:&quot;2023-04-20T15:28:43.000Z&quot;,&quot;modified&quot;:&quot;2023-04-20T15:28:43.000Z&quot;,&quot;menuOrder&quot;:0,&quot;mime&quot;:&quot;image\\\/jpeg&quot;,&quot;type&quot;:&quot;image&quot;,&quot;subtype&quot;:&quot;jpeg&quot;,&quot;icon&quot;:&quot;https:\\\/\\\/guedelon.fr\\\/wp-includes\\\/images\\\/media\\\/default.png&quot;,&quot;dateFormatted&quot;:&quot;20 avril 2023&quot;,&quot;nonces&quot;:{&quot;update&quot;:&quot;601a7d249b&quot;,&quot;delete&quot;:&quot;3d9322f969&quot;,&quot;edit&quot;:&quot;5372acee7d&quot;},&quot;editLink&quot;:&quot;https:\\\/\\\/guedelon.fr\\\/wp-admin\\\/post.php?post=601&amp;action=edit&amp;lang=en&quot;,&quot;meta&quot;:false,&quot;authorName&quot;:&quot;Mattis Beautheac&quot;,&quot;authorLink&quot;:&quot;https:\\\/\\\/guedelon.fr\\\/wp-admin\\\/profile.php&quot;,&quot;filesizeInBytes&quot;:1048478,&quot;filesizeHumanReadable&quot;:&quot;1\\u00a0024 Ko&quot;,&quot;context&quot;:&quot;&quot;,&quot;height&quot;:899,&quot;width&quot;:1600,&quot;orientation&quot;:&quot;landscape&quot;,&quot;sizes&quot;:{&quot;full&quot;:{&quot;url&quot;:&quot;https:\\\/\\\/guedelon.fr\\\/wp-content\\\/uploads\\\/2023\\\/04\\\/chateau-saint-fargeau-1.jpg&quot;,&quot;height&quot;:899,&quot;width&quot;:1600,&quot;orientation&quot;:&quot;landscape&quot;}},&quot;compat&quot;:{&quot;item&quot;:&quot;&quot;,&quot;meta&quot;:&quot;&quot;},&quot;acf_errors&quot;:false},&quot;className&quot;:&quot;wp-block-smartfire-promo-tarif&quot;,&quot;external&quot;:true,&quot;type&quot;:false,&quot;anchorName&quot;:&quot;&quot;}\"><\/smartfire-component>\n\n\n<div style=\"height:60px\" aria-hidden=\"true\" class=\"wp-block-spacer\"><\/div>\n\n\n<smartfire-component name='subtitle' attributes=\"{&quot;title&quot;:&quot;Pour les enfants \\u00e0 titre individuel&quot;,&quot;text&quot;:&quot;Le Domaine de l&#039;Esp\\u00e9rance propose \\u00e9galement aux enfants de participer \\u00e0 des stages durant les vacances scolaires !&quot;,&quot;anchorName&quot;:&quot;individuel&quot;,&quot;className&quot;:&quot;wp-block-smartfire-subtitle&quot;}\"><\/smartfire-component>\n\n<smartfire-component name='contenu' attributes=\"{&quot;className&quot;:&quot;wp-block-smartfire-contenu&quot;}\">\n    \n\n<h3 class=\"wp-block-heading\">S\u00e9jour &#8220;Comme au Moyen \u00c2ge&#8221; &#8211; Destination Gu\u00e9delon<\/h3>\n\n\n<\/smartfire-component>\n\n<smartfire-component name='promo-tarif' attributes=\"{&quot;text&quot;:&quot;&lt;strong&gt;Pour les 8-15 ans : 7 jours complets immerg\\u00e9s dans le Moyen \\u00c2ge avec\\u00a0notamment une journ\\u00e9e \\u00e0 Gu\\u00e9delon.&lt;\\\/strong&gt;&lt;br&gt;&lt;br&gt;Mais aussi... visite du ch\\u00e2teau de Ratilly, spectacle historique de Saint-Fargeau (vacances d&#039;\\u00e9t\\u00e9), de nombreuses activit\\u00e9s et ateliers autour du Moyen-\\u00c2ge : r\\u00e9alisation d&#039;un blason, atelier calligraphie et enluminure, fabrication de corde \\u00e0 13 n\\u0153uds, jeux m\\u00e9di\\u00e9vaux...&lt;br&gt;&lt;br&gt;Chaque soir, des veill\\u00e9es sont propos\\u00e9es sur le th\\u00e8me du Moyen \\u00c2ge : spectacle de feu, banquet, passe d&#039;armes...&lt;br&gt;Ce s\\u00e9jour est propos\\u00e9 durant les vacances de printemps,\\u00a0d&#039;\\u00e9t\\u00e9 et\\u00a0de la Toussaint.&quot;,&quot;buttonText&quot;:&quot;en savoir plus&quot;,&quot;buttonLink&quot;:&quot;https:\\\/\\\/www.poney-club.com\\\/comme-au-moyen-age\\\/&quot;,&quot;image&quot;:{&quot;id&quot;:619,&quot;title&quot;:&quot;guedelon-equipe-visites-scolaires&quot;,&quot;filename&quot;:&quot;guedelon-equipe-visites-scolaires-1.jpg&quot;,&quot;url&quot;:&quot;https:\\\/\\\/guedelon.fr\\\/wp-content\\\/uploads\\\/2023\\\/04\\\/guedelon-equipe-visites-scolaires-1.jpg&quot;,&quot;link&quot;:&quot;https:\\\/\\\/guedelon.fr\\\/en\\\/guedelon-equipe-visites-scolaires-2-2\\\/&quot;,&quot;alt&quot;:&quot;&quot;,&quot;author&quot;:&quot;5&quot;,&quot;description&quot;:&quot;&quot;,&quot;caption&quot;:&quot;&quot;,&quot;name&quot;:&quot;guedelon-equipe-visites-scolaires-2-2&quot;,&quot;status&quot;:&quot;inherit&quot;,&quot;uploadedTo&quot;:0,&quot;date&quot;:&quot;2023-04-21T09:50:04.000Z&quot;,&quot;modified&quot;:&quot;2023-04-21T09:50:04.000Z&quot;,&quot;menuOrder&quot;:0,&quot;mime&quot;:&quot;image\\\/jpeg&quot;,&quot;type&quot;:&quot;image&quot;,&quot;subtype&quot;:&quot;jpeg&quot;,&quot;icon&quot;:&quot;https:\\\/\\\/guedelon.fr\\\/wp-includes\\\/images\\\/media\\\/default.png&quot;,&quot;dateFormatted&quot;:&quot;21 avril 2023&quot;,&quot;nonces&quot;:{&quot;update&quot;:&quot;c1d3e5d5aa&quot;,&quot;delete&quot;:&quot;f126bbd630&quot;,&quot;edit&quot;:&quot;c5ea176159&quot;},&quot;editLink&quot;:&quot;https:\\\/\\\/guedelon.fr\\\/wp-admin\\\/post.php?post=619&amp;action=edit&amp;lang=en&quot;,&quot;meta&quot;:false,&quot;authorName&quot;:&quot;Mattis Beautheac&quot;,&quot;authorLink&quot;:&quot;https:\\\/\\\/guedelon.fr\\\/wp-admin\\\/profile.php&quot;,&quot;filesizeInBytes&quot;:127558,&quot;filesizeHumanReadable&quot;:&quot;125 Ko&quot;,&quot;context&quot;:&quot;&quot;,&quot;height&quot;:720,&quot;width&quot;:1080,&quot;orientation&quot;:&quot;landscape&quot;,&quot;sizes&quot;:{&quot;full&quot;:{&quot;url&quot;:&quot;https:\\\/\\\/guedelon.fr\\\/wp-content\\\/uploads\\\/2023\\\/04\\\/guedelon-equipe-visites-scolaires-1.jpg&quot;,&quot;height&quot;:720,&quot;width&quot;:1080,&quot;orientation&quot;:&quot;landscape&quot;}},&quot;compat&quot;:{&quot;item&quot;:&quot;&quot;,&quot;meta&quot;:&quot;&quot;},&quot;acf_errors&quot;:false},&quot;className&quot;:&quot;wp-block-smartfire-promo-tarif&quot;,&quot;title&quot;:&quot;&quot;,&quot;external&quot;:true,&quot;type&quot;:false,&quot;anchorName&quot;:&quot;&quot;}\"><\/smartfire-component>\n\n<smartfire-component name='contenu' attributes=\"{&quot;className&quot;:&quot;wp-block-smartfire-contenu&quot;}\">\n    \n\n<h3 class=\"wp-block-heading\">Randonn\u00e9e \u00e0 cheval des 3 ch\u00e2teaux<\/h3>\n\n\n<\/smartfire-component>\n\n<smartfire-component name='promo-tarif' attributes=\"{&quot;text&quot;:&quot;&lt;strong&gt;&lt;strong&gt;Pour les 14-17\\u00a0ans : 12\\u00a0jours\\u00a0de randonn\\u00e9e au coeur de la magnifique Puisaye pour d\\u00e9couvrir\\u00a0Gu\\u00e9delon, le ch\\u00e2teau de Ratilly et celui de Saint-Fargeau&lt;\\\/strong&gt;&lt;br&gt;&lt;\\\/strong&gt;&lt;br&gt;Chaque \\u00e9tape est rythm\\u00e9e par des visites ou des activit\\u00e9s : accrobranche, spectacle historique de Saint-Fargeau, baignade avec les chevaux au lac du Bourdon...&lt;br&gt;&lt;br&gt;Chaque soir, retour au camps des M\\u00e9lus pour un repos bien m\\u00e9rit\\u00e9 dans l&#039;une des deux tentes lodges tout confort.&lt;br&gt;Ce s\\u00e9jour est propos\\u00e9 durant les vacances de printemps et d&#039;\\u00e9t\\u00e9.&quot;,&quot;buttonText&quot;:&quot;en savoir plus&quot;,&quot;buttonLink&quot;:&quot;https:\\\/\\\/www.poney-club.com\\\/randonnees-des-3-chateaux\\\/&quot;,&quot;image&quot;:{&quot;id&quot;:662,&quot;title&quot;:&quot;3cb0969c-c521-496d-be96-f85fdd82631a&quot;,&quot;filename&quot;:&quot;3cb0969c-c521-496d-be96-f85fdd82631a.jpg&quot;,&quot;url&quot;:&quot;https:\\\/\\\/guedelon.fr\\\/wp-content\\\/uploads\\\/2023\\\/04\\\/3cb0969c-c521-496d-be96-f85fdd82631a.jpg&quot;,&quot;link&quot;:&quot;https:\\\/\\\/guedelon.fr\\\/en\\\/3cb0969c-c521-496d-be96-f85fdd82631a-2\\\/&quot;,&quot;alt&quot;:&quot;&quot;,&quot;author&quot;:&quot;5&quot;,&quot;description&quot;:&quot;&quot;,&quot;caption&quot;:&quot;&quot;,&quot;name&quot;:&quot;3cb0969c-c521-496d-be96-f85fdd82631a-2&quot;,&quot;status&quot;:&quot;inherit&quot;,&quot;uploadedTo&quot;:0,&quot;date&quot;:&quot;2023-04-21T14:34:31.000Z&quot;,&quot;modified&quot;:&quot;2023-04-21T14:34:31.000Z&quot;,&quot;menuOrder&quot;:0,&quot;mime&quot;:&quot;image\\\/jpeg&quot;,&quot;type&quot;:&quot;image&quot;,&quot;subtype&quot;:&quot;jpeg&quot;,&quot;icon&quot;:&quot;https:\\\/\\\/guedelon.fr\\\/wp-includes\\\/images\\\/media\\\/default.png&quot;,&quot;dateFormatted&quot;:&quot;21 avril 2023&quot;,&quot;nonces&quot;:{&quot;update&quot;:&quot;9106b83e4a&quot;,&quot;delete&quot;:&quot;5b7a2c332c&quot;,&quot;edit&quot;:&quot;7501d4a55e&quot;},&quot;editLink&quot;:&quot;https:\\\/\\\/guedelon.fr\\\/wp-admin\\\/post.php?post=662&amp;action=edit&amp;lang=en&quot;,&quot;meta&quot;:false,&quot;authorName&quot;:&quot;Mattis Beautheac&quot;,&quot;authorLink&quot;:&quot;https:\\\/\\\/guedelon.fr\\\/wp-admin\\\/profile.php&quot;,&quot;filesizeInBytes&quot;:204799,&quot;filesizeHumanReadable&quot;:&quot;200 Ko&quot;,&quot;context&quot;:&quot;&quot;,&quot;height&quot;:1125,&quot;width&quot;:2000,&quot;orientation&quot;:&quot;landscape&quot;,&quot;sizes&quot;:{&quot;full&quot;:{&quot;url&quot;:&quot;https:\\\/\\\/guedelon.fr\\\/wp-content\\\/uploads\\\/2023\\\/04\\\/3cb0969c-c521-496d-be96-f85fdd82631a.jpg&quot;,&quot;height&quot;:1125,&quot;width&quot;:2000,&quot;orientation&quot;:&quot;landscape&quot;}},&quot;compat&quot;:{&quot;item&quot;:&quot;&quot;,&quot;meta&quot;:&quot;&quot;},&quot;acf_errors&quot;:false},&quot;className&quot;:&quot;wp-block-smartfire-promo-tarif&quot;,&quot;title&quot;:&quot;&quot;,&quot;external&quot;:true,&quot;type&quot;:false,&quot;anchorName&quot;:&quot;&quot;}\"><\/smartfire-component>\n\n\n<div style=\"height:60px\" aria-hidden=\"true\" class=\"wp-block-spacer\"><\/div>\n","protected":false},"excerpt":{"rendered":"","protected":false},"author":9,"featured_media":0,"parent":0,"menu_order":0,"comment_status":"closed","ping_status":"closed","template":"","meta":{"_acf_changed":false,"footnotes":""},"class_list":["post-820","page","type-page","status-publish","hentry"],"acf":[],"_links":{"self":[{"href":"https:\/\/www.guedelon.fr\/en\/wp-json\/wp\/v2\/pages\/820","targetHints":{"allow":["GET"]}}],"collection":[{"href":"https:\/\/www.guedelon.fr\/en\/wp-json\/wp\/v2\/pages"}],"about":[{"href":"https:\/\/www.guedelon.fr\/en\/wp-json\/wp\/v2\/types\/page"}],"author":[{"embeddable":true,"href":"https:\/\/www.guedelon.fr\/en\/wp-json\/wp\/v2\/users\/9"}],"replies":[{"embeddable":true,"href":"https:\/\/www.guedelon.fr\/en\/wp-json\/wp\/v2\/comments?post=820"}],"version-history":[{"count":3,"href":"https:\/\/www.guedelon.fr\/en\/wp-json\/wp\/v2\/pages\/820\/revisions"}],"predecessor-version":[{"id":1157,"href":"https:\/\/www.guedelon.fr\/en\/wp-json\/wp\/v2\/pages\/820\/revisions\/1157"}],"wp:attachment":[{"href":"https:\/\/www.guedelon.fr\/en\/wp-json\/wp\/v2\/media?parent=820"}],"curies":[{"name":"wp","href":"https:\/\/api.w.org\/{rel}","templated":true}]}}